{"id":26,"date":"2016-03-07T13:13:24","date_gmt":"2016-03-07T12:13:24","guid":{"rendered":"http:\/\/data.si\/hr\/?page_id=26"},"modified":"2025-07-02T09:29:28","modified_gmt":"2025-07-02T07:29:28","slug":"o-nama","status":"publish","type":"page","link":"https:\/\/data.si\/hr\/o-nama\/","title":{"rendered":"O nama"},"content":{"rendered":"<div class=\"wpb-content-wrapper\"><p>[vc_row][vc_column][vc_column_text]<\/p>\n<h1>Poslovanje na slovena\u010dkom tr\u017ei\u0161tu: sve na jednom mestu<\/h1>\n<p>[\/vc_column_text][\/vc_column][\/vc_row][vc_row][vc_column width=&#8221;2\/3&#8243;][vc_column_text css=&#8221;&#8221; css_params=&#8221;&#8221;]<strong><a href=\"https:\/\/data.si\/srb\/\">U preduze\u0107u Data<\/a><\/strong>, pod jednim krovom, dobi\u0107ete <strong><a href=\"https:\/\/data.si\/hr\/o-nama\/\">celokupnu paletu usluga<\/a>,<\/strong> koje \u0107e vam olak\u0161ati ulazak u svet preduzetni\u0161tva.\u00a0Pratili smo filozofiju Sve na jednom mestu i omogu\u0107ili kompletnu podr\u0161ku u poslovanju na slovena\u010dkom tr\u017ei\u0161tu i u Evropskoj uniji. Uz na\u0161u pomo\u0107 u\u0161tede\u0107ete mnogo vremena.<\/p>\n<p>Stranim preduzetnicima nudimo neophodno savetovanje i podr\u0161ku pre osnivanja, tokom osnivanja i posle <strong><a href=\"https:\/\/data.si\/srb\/otvaranje-firme\/\">osnivanja preduze\u0107a u Sloveniji<\/a><\/strong> i savetujemo o uslovima rada i zapo\u0161ljavanja u Republici Sloveniji.\u00a0 Na\u0161i stru\u010dnjaci za ra\u010dunovodstvo \u0107e vam stru\u010dno pomo\u0107i u <strong><a href=\"https:\/\/data.si\/hr\/poresko-finansijsko-savetovanje\/\">vo\u0111enju finansija<\/a><\/strong>, <strong><a href=\"https:\/\/data.si\/hr\/pravno-savjetovanje\/\">pravni savetnici<\/a><\/strong> s podru\u010dja privrednog, radnog i migracijskog prava pru\u017ei \u0107e vam neophodno pravno savjetovanje. Prilikom ulaska na novo tr\u017ei\u0161te poma\u017eemo vam i s uslugama internetnog marketinga.<\/p>\n<p>Prepreke na va\u0161em putu u preduzetni\u0161tvo pretvaramo u prilike. Tu smo za vas da mo\u017eete vi bez brige posvetiti va\u0161e vreme <strong><a href=\"https:\/\/data.si\/srb\/firma-u-sloveniji-prosirite-svoj-biznis\/\">\u0161irenju poslovanja<\/a><\/strong> na slovensko i evropsko tr\u017ei\u0161te. Sa 28 godina iskustva garantujemo da smo danas ovdje za vas i osta\u0107emo i sutra, a sa na\u0161im dugogodi\u0161njim iskustvima brinemo se za pobolj\u0161anje kvaliteta na\u0161ih usluga.<\/p>\n<p class=\"p-clear\">Za na\u0161 dugogodi\u0161nji i kvalitetan rad smo bili nagra\u0111eni i u inostranstvu. Presti\u017ene nagrade su dobra odsko\u010dna daska za realizaciju me\u0111unarodnih projekata na podru\u010dju Evropske Unije.<\/p>\n<p><img loading=\"lazy\" decoding=\"async\" class=\"size-medium wp-image-22253 alignleft\" src=\"https:\/\/data.si\/hr\/wp-content\/uploads\/2025\/07\/slika-boniteta-300x107.jpg\" alt=\"\" width=\"300\" height=\"107\" \/><img loading=\"lazy\" decoding=\"async\" class=\"alignleft\" src=\"https:\/\/data.si\/wp-content\/uploads\/2014\/01\/european-business-awards.png\" alt=\"Europen Business Awards\" width=\"143\" height=\"150\" \/><img loading=\"lazy\" decoding=\"async\" src=\"https:\/\/data.si\/wp-content\/uploads\/2014\/01\/european-business-awards-2013.png\" alt=\"European Business Award 2013\" width=\"62\" height=\"150\" \/><\/p>\n<div id=\"data-awards\"><\/div>\n<p>Kada vam je potrebno sve pod jednim krovom za sva re\u0161enja i sveobuhvatnu podr\u0161ku u\u00a0<strong><a href=\"https:\/\/data.si\/srb\/biznis-u-evropi\/\">poslovanju u Sloveniji<\/a><\/strong>\u00a0na jednom mestu, posetite nas. Saznajte\u00a0<a href=\"https:\/\/data.si\/srb\/o-nama\/\"><strong>sve o nama<\/strong><\/a> iz prve ruke i posetite nas u Ljubljani, na Dunajski cesti 136.<\/p>\n<p><em><strong>Va\u0161a Data d. o. o.<\/strong><\/em>[\/vc_column_text][\/vc_column][vc_column width=&#8221;1\/3&#8243;][vc_single_image image=&#8221;820&#8243; img_size=&#8221;large&#8221; style=&#8221;vc_box_shadow&#8221;][\/vc_column][\/vc_row][vc_row][vc_column][vc_column_text]<\/p>\n<h2>DATA\u00a0se predstavi<\/h2>\n<p>[\/vc_column_text][\/vc_column][\/vc_row][vc_row][vc_column]<div class=\"porto-recent-members wpb_content_element wpb_custom_8bf5d5ad33a528d2752f9dcd0394b1f9\">\r\n\t\r\n\t\r\n\t<div class=\"member-carousel porto-carousel owl-carousel  nav-center-images-only  has-ccols ccols-1 ccols-lg-4 ccols-md-3 ccols-sm-2 has-ccols-spacing\" data-plugin-options=\"{&quot;themeConfig&quot;:true,&quot;lg&quot;:4,&quot;md&quot;:3,&quot;sm&quot;:2,&quot;xs&quot;:1,&quot;margin&quot;:20}\">\r\n\t\t<div class=\"member-slide\">\r\n\t<div class=\"member-item \">\r\n\t\t<div class=\"thumb-info thumb-info-hide-wrapper-bg\">\r\n\r\n\t\t\t\t<div class=\"thumb-info-wrapper \">\r\n\t\t\t\t\t<div class=\"thumb-member-container\">\r\n\t\t\t\t\t\t<a class=\"text-decoration-none member-image\" href=\"https:\/\/data.si\/hr\/member\/darja-golob-koritnik\/\">\r\n\t\t\t\t\t\t\t<img loading=\"lazy\" decoding=\"async\" class=\"img-responsive\" width=\"367\" height=\"367\" src=\"https:\/\/data.si\/hr\/wp-content\/uploads\/2016\/04\/darja-golob-koritnik-367x367.jpg\" alt=\"Darja Golob Koritnik\" \/>\r\n\t\t\t\t\t\t<\/a>\r\n\t\t\t\t\t\t\t\t\t\t\t\t\t\t\t\t\t\t\t\t\t\t\t\t<\/div>\r\n\t\t\t\t\t<a class=\"text-decoration-none member-info-container\" href=\"https:\/\/data.si\/hr\/member\/darja-golob-koritnik\/\">\r\n\t\t\t\t\t\t\t\t\t\t\t<span class=\"thumb-info-title\">\r\n\t\t\t\t\t\t\t<span class=\"thumb-info-inner\">Darja Golob Koritnik, univ. dipl. prav.<\/span>\r\n\t\t\t\t\t\t\t\t\t\t\t\t\t\t\t<span class=\"thumb-info-type\">rukovoditeljica pravne slu\u017ebe<\/span>\r\n\t\t\t\t\t\t\t\t\t\t\t\t\t<\/span>\r\n\t\t\t\t\t\t\t\t\t\t\t\t\t\t\t\t\t<span class=\"zoom\" data-src=\"https:\/\/data.si\/hr\/wp-content\/uploads\/2016\/04\/darja-golob-koritnik.jpg\" data-title=\"\"><i class=\"fas fa-search\"><\/i><\/span>\r\n\t\t\t\t\t\t\t\t\t\t<\/a>\r\n\t\t\t\t<\/div> <!--Thumb info wrapper end-->\r\n\t\t\t\t<a class=\"text-decoration-none member-info-container\" href=\"https:\/\/data.si\/hr\/member\/darja-golob-koritnik\/\">\r\n\t\t\t\t\t\t\t\t\t<\/a><!-- Global link end -->\r\n\r\n\t\t\t\t\t<div class=\"thumb-info-caption\">\r\n\t\t\t\t\t\t\t\t\t<div class=\"thumb-info-caption-text\">\r\n\t\t\t\t\t<p>Darja Golob Koritnik je diplomirani pravnik, u Dati vodi preduzetni\u010dko odeljenje i svakodnevno savjetuje&#8230;<\/p>\n\t\t\t\t\t<\/div>\r\n\t\t\t\t\t\t\t\t\t\t\t\t<span class=\"thumb-info-social-icons share-links \"><a href=\"mailto:Darja.GolobKoritnik@data.si\" target=\"_blank\" rel=\"noopener noreferrer\" data-bs-tooltip data-bs-placement=\"bottom\" title=\"Email\" class=\"share-email\">Darja.GolobKoritnik@data.si<\/a><\/span>\r\n\t\t\t<\/div>\r\n\t\t\t\t<\/div>\r\n\t<\/div>\r\n\t<\/div><div class=\"member-slide\">\r\n\t<div class=\"member-item \">\r\n\t\t<div class=\"thumb-info thumb-info-hide-wrapper-bg\">\r\n\r\n\t\t\t\t<div class=\"thumb-info-wrapper \">\r\n\t\t\t\t\t<div class=\"thumb-member-container\">\r\n\t\t\t\t\t\t<a class=\"text-decoration-none member-image\" href=\"https:\/\/data.si\/hr\/member\/ana-marija-pavlovic\/\">\r\n\t\t\t\t\t\t\t<img loading=\"lazy\" decoding=\"async\" class=\"img-responsive\" width=\"367\" height=\"367\" src=\"https:\/\/data.si\/hr\/wp-content\/uploads\/2016\/04\/ana-marija-pavlovic-367x367.jpg\" alt=\"Ana Marija Pavlovi\u0107\" \/>\r\n\t\t\t\t\t\t<\/a>\r\n\t\t\t\t\t\t\t\t\t\t\t\t\t\t\t\t\t\t\t\t\t\t\t\t<\/div>\r\n\t\t\t\t\t<a class=\"text-decoration-none member-info-container\" href=\"https:\/\/data.si\/hr\/member\/ana-marija-pavlovic\/\">\r\n\t\t\t\t\t\t\t\t\t\t\t<span class=\"thumb-info-title\">\r\n\t\t\t\t\t\t\t<span class=\"thumb-info-inner\">Ana Marija Pavlovi\u0107, univ. dipl. prav.<\/span>\r\n\t\t\t\t\t\t\t\t\t\t\t\t\t\t\t<span class=\"thumb-info-type\">pravna savjetnica<\/span>\r\n\t\t\t\t\t\t\t\t\t\t\t\t\t<\/span>\r\n\t\t\t\t\t\t\t\t\t\t\t\t\t\t\t\t\t<span class=\"zoom\" data-src=\"https:\/\/data.si\/hr\/wp-content\/uploads\/2016\/04\/ana-marija-pavlovic.jpg\" data-title=\"\"><i class=\"fas fa-search\"><\/i><\/span>\r\n\t\t\t\t\t\t\t\t\t\t<\/a>\r\n\t\t\t\t<\/div> <!--Thumb info wrapper end-->\r\n\t\t\t\t<a class=\"text-decoration-none member-info-container\" href=\"https:\/\/data.si\/hr\/member\/ana-marija-pavlovic\/\">\r\n\t\t\t\t\t\t\t\t\t<\/a><!-- Global link end -->\r\n\r\n\t\t\t\t\t<div class=\"thumb-info-caption\">\r\n\t\t\t\t\t\t\t\t\t<div class=\"thumb-info-caption-text\">\r\n\t\t\t\t\t<p>Ana Marija Pavlovi\u0107 savjetuje preduzetnicima na podru\u010dju privrednog, izvr\u0161nog, radnog prava i drugim podru\u010djima&#8230;<\/p>\n\t\t\t\t\t<\/div>\r\n\t\t\t\t\t\t\t\t\t\t\t\t<span class=\"thumb-info-social-icons share-links \"><a href=\"mailto:ana.pavlovic@data.si\" target=\"_blank\" rel=\"noopener noreferrer\" data-bs-tooltip data-bs-placement=\"bottom\" title=\"Email\" class=\"share-email\">ana.pavlovic@data.si<\/a><\/span>\r\n\t\t\t<\/div>\r\n\t\t\t\t<\/div>\r\n\t<\/div>\r\n\t<\/div><div class=\"member-slide\">\r\n\t<div class=\"member-item \">\r\n\t\t<div class=\"thumb-info thumb-info-hide-wrapper-bg\">\r\n\r\n\t\t\t\t<div class=\"thumb-info-wrapper \">\r\n\t\t\t\t\t<div class=\"thumb-member-container\">\r\n\t\t\t\t\t\t<a class=\"text-decoration-none member-image\" href=\"https:\/\/data.si\/hr\/member\/bogdana-rejc\/\">\r\n\t\t\t\t\t\t\t<img loading=\"lazy\" decoding=\"async\" class=\"img-responsive\" width=\"367\" height=\"367\" src=\"https:\/\/data.si\/hr\/wp-content\/uploads\/2016\/04\/bogdana-rejc-367x367.jpg\" alt=\"Bogdana Rejc\" \/>\r\n\t\t\t\t\t\t<\/a>\r\n\t\t\t\t\t\t\t\t\t\t\t\t\t\t\t\t\t\t\t\t\t\t\t\t<\/div>\r\n\t\t\t\t\t<a class=\"text-decoration-none member-info-container\" href=\"https:\/\/data.si\/hr\/member\/bogdana-rejc\/\">\r\n\t\t\t\t\t\t\t\t\t\t\t<span class=\"thumb-info-title\">\r\n\t\t\t\t\t\t\t<span class=\"thumb-info-inner\">Bogdana Rejc, univ. dipl. sociol.<\/span>\r\n\t\t\t\t\t\t\t\t\t\t\t\t\t\t\t<span class=\"thumb-info-type\">preduzetni\u010dki savjetnik<\/span>\r\n\t\t\t\t\t\t\t\t\t\t\t\t\t<\/span>\r\n\t\t\t\t\t\t\t\t\t\t\t\t\t\t\t\t\t<span class=\"zoom\" data-src=\"https:\/\/data.si\/hr\/wp-content\/uploads\/2016\/04\/bogdana-rejc.jpg\" data-title=\"\"><i class=\"fas fa-search\"><\/i><\/span>\r\n\t\t\t\t\t\t\t\t\t\t<\/a>\r\n\t\t\t\t<\/div> <!--Thumb info wrapper end-->\r\n\t\t\t\t<a class=\"text-decoration-none member-info-container\" href=\"https:\/\/data.si\/hr\/member\/bogdana-rejc\/\">\r\n\t\t\t\t\t\t\t\t\t<\/a><!-- Global link end -->\r\n\r\n\t\t\t\t\t<div class=\"thumb-info-caption\">\r\n\t\t\t\t\t\t\t\t\t<div class=\"thumb-info-caption-text\">\r\n\t\t\t\t\t<p>Bogdana Rejc ve\u0107 je vrstu godina preduzetni\u010dka savjetnica, koja svaki dan poma\u017ee u procesima&#8230;<\/p>\n\t\t\t\t\t<\/div>\r\n\t\t\t\t\t\t\t\t\t\t\t\t<span class=\"thumb-info-social-icons share-links \"><a href=\"mailto:bogdana.rejc@data.si\" target=\"_blank\" rel=\"noopener noreferrer\" data-bs-tooltip data-bs-placement=\"bottom\" title=\"Email\" class=\"share-email\">bogdana.rejc@data.si<\/a><\/span>\r\n\t\t\t<\/div>\r\n\t\t\t\t<\/div>\r\n\t<\/div>\r\n\t<\/div>\t<\/div>\r\n\r\n\t\r\n\t<\/div>[\/vc_column][\/vc_row]<\/p>\n<\/div>","protected":false},"excerpt":{"rendered":"<p>[vc_row][vc_column][vc_column_text] Poslovanje na slovena\u010dkom tr\u017ei\u0161tu: sve na jednom mestu [\/vc_column_text][\/vc_column][\/vc_row][vc_row][vc_column width=&#8221;2\/3&#8243;][vc_column_text css=&#8221;&#8221; css_params=&#8221;&#8221;]U preduze\u0107u Data, pod jednim krovom, dobi\u0107ete celokupnu paletu usluga, koje \u0107e vam olak\u0161ati ulazak u svet preduzetni\u0161tva.\u00a0Pratili smo filozofiju Sve na jednom mestu i omogu\u0107ili kompletnu podr\u0161ku u poslovanju na slovena\u010dkom tr\u017ei\u0161tu i u Evropskoj uniji. Uz na\u0161u pomo\u0107 u\u0161tede\u0107ete mnogo vremena. [&hellip;]<\/p>\n","protected":false},"author":1,"featured_media":0,"parent":0,"menu_order":0,"comment_status":"closed","ping_status":"closed","template":"","meta":{"footnotes":""},"yst_prominent_words":[],"class_list":["post-26","page","type-page","status-publish","hentry"],"_links":{"self":[{"href":"https:\/\/data.si\/hr\/wp-json\/wp\/v2\/pages\/26","targetHints":{"allow":["GET"]}}],"collection":[{"href":"https:\/\/data.si\/hr\/wp-json\/wp\/v2\/pages"}],"about":[{"href":"https:\/\/data.si\/hr\/wp-json\/wp\/v2\/types\/page"}],"author":[{"embeddable":true,"href":"https:\/\/data.si\/hr\/wp-json\/wp\/v2\/users\/1"}],"replies":[{"embeddable":true,"href":"https:\/\/data.si\/hr\/wp-json\/wp\/v2\/comments?post=26"}],"version-history":[{"count":6,"href":"https:\/\/data.si\/hr\/wp-json\/wp\/v2\/pages\/26\/revisions"}],"predecessor-version":[{"id":22254,"href":"https:\/\/data.si\/hr\/wp-json\/wp\/v2\/pages\/26\/revisions\/22254"}],"wp:attachment":[{"href":"https:\/\/data.si\/hr\/wp-json\/wp\/v2\/media?parent=26"}],"wp:term":[{"taxonomy":"yst_prominent_words","embeddable":true,"href":"https:\/\/data.si\/hr\/wp-json\/wp\/v2\/yst_prominent_words?post=26"}],"curies":[{"name":"wp","href":"https:\/\/api.w.org\/{rel}","templated":true}]}}